{"id":4269,"date":"2021-02-01T00:39:14","date_gmt":"2021-01-31T23:39:14","guid":{"rendered":"http:\/\/www.sf-germany.org\/einheiten\/uss-galathea\/?page_id=4269"},"modified":"2024-06-07T00:51:46","modified_gmt":"2024-06-06T22:51:46","slug":"emin","status":"publish","type":"page","link":"https:\/\/www.sf-germany.org\/einheiten\/uss-galathea\/die-crew\/spielercharaktere\/emin\/","title":{"rendered":"Emin"},"content":{"rendered":"<table style=\"float: right; position: relative; right: 0px; top: 0px; width: 32.5233%; height: 1434px;\" border=\"0\" width=\"270\" cellspacing=\"10\" align=\"right\">\n<tbody>\n<tr style=\"height: 240px;\">\n<td style=\"width: 88.3458%; height: 240px;\" colspan=\"2\" align=\"center\" width=\"240\"><img loading=\"lazy\" decoding=\"async\" class=\"alignnone size-medium wp-image-6146\" src=\"https:\/\/www.sf-germany.org\/einheiten\/uss-galathea\/wp-content\/uploads\/2022\/12\/wesley3-300x169.jpg\" alt=\"\" width=\"300\" height=\"169\" srcset=\"https:\/\/www.sf-germany.org\/einheiten\/uss-galathea\/wp-content\/uploads\/2022\/12\/wesley3-300x169.jpg 300w, https:\/\/www.sf-germany.org\/einheiten\/uss-galathea\/wp-content\/uploads\/2022\/12\/wesley3-1024x576.jpg 1024w, https:\/\/www.sf-germany.org\/einheiten\/uss-galathea\/wp-content\/uploads\/2022\/12\/wesley3-768x432.jpg 768w, https:\/\/www.sf-germany.org\/einheiten\/uss-galathea\/wp-content\/uploads\/2022\/12\/wesley3.jpg 1280w\" sizes=\"auto, (max-width: 300px) 100vw, 300px\" \/><\/td>\n<\/tr>\n<tr style=\"height: 54px;\">\n<td style=\"width: 88.3458%; height: 54px;\" colspan=\"2\" align=\"center\" width=\"240\"><sub><em>Charakter-Avatar: Cary Elwes<br \/>\n(aus dem <a href=\"https:\/\/www.ofdb.de\/film\/9767,Die-Braut-des-Prinzen\/\">Film<\/a> \u201cDie Braut des Prinzen\u201d,<br \/>\noffizielles Promo-Bild-Material)<\/em><\/sub><\/td>\n<\/tr>\n<tr style=\"height: 24px;\">\n<td style=\"width: 88.3458%; background-color: #e19c22; height: 24px;\" colspan=\"2\" align=\"center\" width=\"240\"><b>Emin<\/b><\/td>\n<\/tr>\n<tr style=\"height: 24px;\">\n<td style=\"width: 40.9774%; height: 24px;\" align=\"right\" width=\"111\"><strong>Status<\/strong><\/td>\n<td style=\"width: 47.3684%; height: 24px;\" align=\"left\" width=\"129\">SC<\/td>\n<\/tr>\n<tr style=\"height: 24px;\">\n<td style=\"width: 40.9774%; height: 24px;\" align=\"right\" width=\"111\"><strong>Spieler<\/strong><\/td>\n<td style=\"width: 47.3684%; height: 24px;\" align=\"left\" width=\"129\"><a href=\"https:\/\/www.sf-germany.org\/cgi-bin\/visitenkarte.pl?spieler=371\">Effi<\/a><\/td>\n<\/tr>\n<tr style=\"height: 24px;\">\n<td style=\"width: 88.3458%; background-color: #e19c22; height: 24px;\" colspan=\"2\" align=\"center\" width=\"240\"><strong>Dienstliche Informationen<\/strong><\/td>\n<\/tr>\n<tr style=\"height: 36px;\">\n<td style=\"width: 40.9774%; height: 36px;\" align=\"right\" width=\"111\"><strong>Ranggrafik<\/strong><\/td>\n<td style=\"width: 47.3684%; height: 36px;\" align=\"left\" width=\"129\"><img loading=\"lazy\" decoding=\"async\" src=\"https:\/\/www.sf-germany.com\/images\/schemata\/variant\/rot\/ltjg.jpg\" alt=\"\" width=\"110\" height=\"24\" \/><\/td>\n<\/tr>\n<tr style=\"height: 24px;\">\n<td style=\"width: 40.9774%; height: 24px;\" align=\"right\" width=\"111\"><strong>Rang<\/strong><\/td>\n<td style=\"width: 47.3684%; height: 24px;\" align=\"left\" width=\"129\">Lt. jg<\/td>\n<\/tr>\n<tr style=\"height: 24px;\">\n<td style=\"width: 40.9774%; height: 24px;\" align=\"right\" width=\"111\"><strong>Posten<\/strong><\/td>\n<td style=\"width: 47.3684%; height: 24px;\" align=\"left\" width=\"129\">Stellv. FLG<\/td>\n<\/tr>\n<tr style=\"height: 24px;\">\n<td style=\"width: 40.9774%; height: 24px;\" align=\"right\" width=\"111\"><strong>Stationierung<\/strong><\/td>\n<td style=\"width: 47.3684%; height: 24px;\" align=\"left\" width=\"129\">USS Galathea<\/td>\n<\/tr>\n<tr style=\"height: 24px;\">\n<td style=\"width: 88.3458%; height: 24px; background-color: #e19c22;\" colspan=\"2\" align=\"center\" width=\"240\"><strong>Biographische Informationen<\/strong><\/td>\n<\/tr>\n<tr style=\"height: 24px;\">\n<td style=\"width: 40.9774%; height: 24px;\" align=\"right\" width=\"111\"><strong>Geburtstag<\/strong><\/td>\n<td style=\"width: 47.3684%; height: 24px;\" align=\"left\" width=\"129\">11.03.2390<\/td>\n<\/tr>\n<tr style=\"height: 24px;\">\n<td style=\"width: 40.9774%; height: 24px;\" align=\"right\" width=\"111\"><strong>Geburtsort<\/strong><\/td>\n<td style=\"width: 47.3684%; height: 24px;\" align=\"left\" width=\"129\">Daled IV<\/td>\n<\/tr>\n<tr style=\"height: 24px;\">\n<td style=\"width: 40.9774%; height: 24px;\" align=\"right\" width=\"111\"><strong>Familienstand<\/strong><\/td>\n<td style=\"width: 47.3684%; height: 24px;\" align=\"left\" width=\"129\">ledig<\/td>\n<\/tr>\n<tr style=\"height: 72px;\">\n<td style=\"width: 40.9774%; height: 72px;\" align=\"right\" width=\"111\"><strong>Eltern<\/strong><\/td>\n<td style=\"width: 47.3684%; height: 72px;\" align=\"left\" width=\"129\">Vater:Loin (2397 verstorben)<br \/>\nMutter: Varya<\/td>\n<\/tr>\n<tr style=\"height: 24px;\">\n<td style=\"width: 40.9774%; height: 24px;\" align=\"right\" width=\"111\"><strong>Geschwister<\/strong><\/td>\n<td style=\"width: 47.3684%; height: 24px;\" align=\"left\" width=\"129\">\u2013<\/td>\n<\/tr>\n<tr style=\"height: 96px;\">\n<td style=\"width: 40.9774%; height: 96px;\" align=\"right\" width=\"111\"><strong>Verwandte<\/strong><\/td>\n<td style=\"width: 47.3684%; height: 96px;\" align=\"left\" width=\"129\"><a href=\"https:\/\/memory-alpha.fandom.com\/de\/wiki\/Salia\">Salia<\/a>, Herrscherin von Daled IV (Cousine)<\/td>\n<\/tr>\n<tr style=\"height: 24px;\">\n<td style=\"width: 88.3458%; height: 24px; background-color: #e19c22;\" colspan=\"2\" align=\"center\" width=\"240\"><strong>Physische Beschreibung<\/strong><\/td>\n<\/tr>\n<tr style=\"height: 48px;\">\n<td style=\"width: 40.9774%; height: 48px;\" align=\"right\" width=\"111\"><strong>Spezies<\/strong><\/td>\n<td style=\"width: 47.3684%; height: 48px;\" align=\"left\" width=\"129\">Mensch* (Allasomorph)<\/td>\n<\/tr>\n<tr style=\"height: 24px;\">\n<td style=\"width: 40.9774%; height: 24px;\" align=\"right\" width=\"111\"><strong>Geschlecht<\/strong>*<\/td>\n<td style=\"width: 47.3684%; height: 24px;\" align=\"left\" width=\"129\">m\u00e4nnlich<\/td>\n<\/tr>\n<tr style=\"height: 24px;\">\n<td style=\"width: 40.9774%; height: 24px;\" align=\"right\" width=\"111\"><strong>Gr\u00f6\u00dfe<\/strong>*<\/td>\n<td style=\"width: 47.3684%; height: 24px;\" align=\"left\" width=\"129\">185 cm<\/td>\n<\/tr>\n<tr style=\"height: 24px;\">\n<td style=\"width: 40.9774%; height: 24px;\" align=\"right\" width=\"111\"><strong>Gewicht<\/strong>*<\/td>\n<td style=\"width: 47.3684%; height: 24px;\" align=\"left\" width=\"129\">83 kg<\/td>\n<\/tr>\n<tr style=\"height: 24px;\">\n<td style=\"width: 40.9774%; height: 24px;\" align=\"right\" width=\"111\"><strong>Haarfarbe<\/strong>*<\/td>\n<td style=\"width: 47.3684%; height: 24px;\" align=\"left\" width=\"129\">dunkel-blond<\/td>\n<\/tr>\n<tr style=\"height: 24px;\">\n<td style=\"width: 40.9774%; height: 24px;\" align=\"right\" width=\"111\"><strong>Augenfarbe<\/strong>*<\/td>\n<td style=\"width: 47.3684%; height: 24px;\" align=\"left\" width=\"129\">braun<\/td>\n<\/tr>\n<tr style=\"height: 24px;\">\n<td style=\"width: 40.9774%; height: 24px; text-align: right;\" align=\"rig ht\" width=\"111\"><strong>Aussehen<\/strong>*<\/td>\n<td style=\"width: 47.3684%; height: 24px;\" align=\"left\" width=\"129\">jugendlich<\/td>\n<\/tr>\n<tr style=\"height: 48px;\">\n<td style=\"width: 40.9774%; height: 48px;\" align=\"right\" width=\"111\"><strong>Verhalten<\/strong><\/td>\n<td style=\"width: 47.3684%; height: 48px;\" align=\"left\" width=\"129\">aufgeschlossen, neugierig, naiv<\/td>\n<\/tr>\n<tr style=\"height: 192px;\">\n<td style=\"width: 40.9774%; height: 192px;\" align=\"right\" width=\"111\"><strong>Kurzinfo<\/strong><\/td>\n<td style=\"width: 47.3684%; height: 192px;\" align=\"left\" width=\"129\">Er ist ein als Mensch gewandelter Allasomorph, was er nicht wirklich geheim h\u00e4lt, aber auch nicht jeder wei\u00df.<\/td>\n<\/tr>\n<tr style=\"height: 24px;\">\n<td style=\"width: 88.3458%; height: 24px; background-color: #e19c22;\" colspan=\"2\" align=\"center\" width=\"240\"><strong>Politische informationen<\/strong><\/td>\n<\/tr>\n<tr style=\"height: 96px;\">\n<td style=\"width: 40.9774%; height: 96px;\" align=\"right\" width=\"111\"><strong>B\u00fcrgerschaft<\/strong><\/td>\n<td style=\"width: 47.3684%; height: 96px;\" align=\"left\" width=\"129\">Daled IV<\/p>\n<p>F\u00f6deration<\/td>\n<\/tr>\n<tr style=\"height: 72px;\">\n<td style=\"width: 40.9774%; height: 72px;\" align=\"right\" width=\"111\"><strong>Religion<\/strong><\/td>\n<td style=\"width: 47.3684%; height: 72px;\" align=\"left\" width=\"129\">Die Dunkle Mutter &amp; der Grelle Vater<\/td>\n<\/tr>\n<\/tbody>\n<\/table>\n<div>\n<h2>Lebenslauf<\/h2>\n<p style=\"font-weight: 400;\">Emin wurde\u00a0<strong>2390<\/strong>\u00a0auf der dunklen Seite seines\u00a0<a href=\"https:\/\/de.wikipedia.org\/wiki\/Gebundene_Rotation\">rotationsgebundenen<\/a> Heimat-Planeten Daled IV geboren.\u00a0Da seine Mutter die Tante Salias ist, welche 2365 von der Enterprise-D unter dem Kommando von Captain Picard nach Daled IV eskortiert wurde, um die beiden zerstrittenen Fraktionen der Allasomorph zu einen, wuchs Emin in einem Klima des politischen Wandels wie auch der Erneuerung auf. Seine Eltern unterst\u00fctzen Salias Bem\u00fchungen, das Volk der Allasomoprh zu einen und sich nach au\u00dfen zu \u00f6ffnen und halfen aktiv mit. Auf Grund dieser Arbeit wurde Emins Vater Loin\u00a0<strong>2394<\/strong>\u00a0auch durch einen Sympathisanten der Konservativen Dunklen, welche den alten Status Quo wahren wollten, ermordet.<\/p>\n<p style=\"font-weight: 400;\">Emin hatte insbesondere nach dieser Ermordung auch privaten Kontakt zu seiner Cousine Salia, die sich am Tod seines Vaters mitschuldig f\u00fchlte, und sich deswegen Zeit nahm, sich trotz ihrer Herrscherpflichten hin und wieder mit dem jungen Allasomorph zu besch\u00e4ftigen. Durch diesen Kontakt lernte Emin nicht nur von ihrem Traum, die durch langen B\u00fcrgerkrieg entzweiten Bewohner Daleds zu vereinen, sondern h\u00f6rte auch ihre Erz\u00e4hlungen von fernen Welten und von ihrer Sehnsucht, diese zu erkunden, was ihr nun durch ihr politisches Amt verwehrt blieb. All diese Geschichten und Schw\u00e4rmereien lie\u00dfen in den ohnehin neugierigen und erkundungsfreudigen Emin den Wunsch heran reifen, Daled IV ebenfalls zu verlassen und diese fremden Wunder mit eigenen Augen zu sehen.<\/p>\n<p style=\"font-weight: 400;\"><strong>2405<\/strong>\u00a0hatte sich die Lage auf Daled IV schlie\u00dflich soweit stabilisiert, dass man sich der F\u00f6deration \u2013 wie es Salias Wunsch war \u2013 \u00f6ffnete. Und obgleich man noch lange nicht soweit war, \u00fcber Beitrittsverhandlungen zu sprechen, f\u00fchrten die ersten vielversprechenden Kontakte beiderseits zu verschiedenen Einladungen \u2013 darunter auch\u00a0<strong>2406<\/strong>\u00a0die der Sternenflotte, ein oder zwei Allasomorph an die Akademie zu schicken und in der Flotte zu dienen. Dies hatte sich in der Vergangenheit schon h\u00e4ufig als Mittel erwiesen, um gegenseitiges Verst\u00e4ndnis und Zusammenarbeit zu f\u00f6rdern. W\u00e4hrend viele Allasomorph diesbez\u00fcglich z\u00f6gerten und ihre Heimat nicht verlassen wollten, war Emin Feuer und Flamme f\u00fcr diesen Gedanken und bewarb sich (mit Salias Unterst\u00fctzung) fast sofort f\u00fcr den Eignungstest \u2013 bei dem er\u00a0<strong>2407<\/strong>\u00a0das erste Mal prompt durchfiel.<\/p>\n<p style=\"font-weight: 400;\"><strong>2408<\/strong>\u00a0wiederholte er den Test, welchen er dann auch bestand \u2013 wenn auch knapp. Probleme bereiteten ihm dabei vor Allem die Fragen und Aufgaben zu Geschichte, Raumgeographie und Kulturen anderer Spezies \u2013 M\u00e4ngel, f\u00fcr die man innerhalb der Akademieleitung Verst\u00e4ndnis hatte. Vermutlich war es auch einem gewissen politischen Willen seitens der F\u00f6deration zu verdanken, dass Emin dann auch gleich einen Stipendiumsplatz \u2013 und das direkt in San Francisco \u2013 erhielt und nicht warten musste.<\/p>\n<p style=\"font-weight: 400;\"><strong>2408 \u2013 2413<\/strong>\u00a0studierte Emin auf der Erde, wobei er das erste Jahr wiederholen musste, da er anfangs unter vielen Krankheiten und dem hellen Licht litt, bis sich seine morphische Physiologie g\u00e4nzlich angepasst hatte. Am Ende des zweiten Jahrgangs w\u00e4hlte er Steuerung\/Navigation und Kommunikation als Schwerpunktf\u00e4cher.<\/p>\n<p style=\"font-weight: 400;\"><strong>2413<\/strong>\u00a0bestand er die Pr\u00fcfungen der Kadettenfahrt und wurde im Anschluss als Pilot und Navigationsoffizier auf ein Schiff der Miranda Klasse in der zweiten Flotte \u2013 die USS Shitennoji \u2013 versetzt.<\/p>\n<p>Der Dienst auf der USS Shitennoji verlief zuerst ruhig &#8211; doch mit dem Ausbruch des Krieges wurde die Mirana Klasse <strong>2415<\/strong> in Kampfhandlungen verwickelt, die letzten Endes zum Tod eines Gro\u00dfteils der Crew und schweren Sch\u00e4den f\u00fchrte. Emin f\u00fchrte die \u00dcberlebenden in das Carraya-System, wo sie sich der Flotte um Commodore Lyma anschlossen. Emin wurde auf die USS Odyssey berufen. In seiner Rolle als FLG nimmt er hier auch an einem Erstkontakt mit einer raumfahrenden Ichthyodien-Spezies Teil und wird daf\u00fcr ausgezeichnet.<\/p>\n<p>Zum Jahresende 2415, als die Kampfhandlungen immer h\u00e4rter werden und zu bef\u00fcrchten ist, dass das System mittelfristig nicht gehalten werden kann, wird er aus dem Carraya-System abberufen &#8211; vermutlich um diplomatische Verwicklungen zu vermeiden.<\/p>\n<p>Emin erh\u00e4lt ausf\u00fchrlichen Erholungsurlaub und reist auch f\u00fcr einige Zeit nach Daled IV, eher er im Fr\u00fchjahr <strong>2416<\/strong> auf die USS Galathea versetzt wird.<\/p>\n<p style=\"font-weight: 400;\"><strong>Tabellarischer Lebenslauf:<\/strong><\/p>\n<table style=\"font-weight: 400; width: 60%;\">\n<tbody>\n<tr style=\"height: 24px;\">\n<td style=\"height: 24px; width: 15%;\"><strong>Datum<\/strong><\/td>\n<td style=\"height: 24px;\"><strong>Ereignis<\/strong><\/td>\n<\/tr>\n<tr style=\"height: 48px;\">\n<td style=\"height: 48px;\">11.03. 2390<\/td>\n<td style=\"height: 48px;\">Geburt auf der dunklen Seite von Daled IV<\/td>\n<\/tr>\n<tr style=\"height: 48px;\">\n<td style=\"height: 48px;\">2394<\/td>\n<td style=\"height: 48px;\">Emins Vater Loin wird von einem Mitglied konservativer Kr\u00e4fte auf seinem Heimatplaneten ermordet.<\/td>\n<\/tr>\n<tr style=\"height: 48px;\">\n<td style=\"height: 48px;\">2407<\/td>\n<td style=\"height: 48px;\">Nach Einladung der F\u00f6deration legt Emin den Eignungstest der Sternenflotten-Akademie ab, besteht diesen aber nicht.<\/td>\n<\/tr>\n<tr style=\"height: 72px;\">\n<td style=\"height: 72px;\">2408<\/td>\n<td style=\"height: 72px;\">Emin wiederholt den Eignungstest und besteht ihn diesmal, wenn gleich sich Schw\u00e4chen in einigen Wissensgebieten offenbaren.<\/td>\n<\/tr>\n<tr style=\"height: 120px;\">\n<td style=\"height: 120px;\">2408 \u2013 2412<\/td>\n<td style=\"height: 120px;\">Studium auf dem Akademie-Campus in San Francisco. Emin muss das erste Jahr wiederholen, da er sich erst an die Gegebenheiten auf der Erde anpassen muss.<br \/>\nEr belegt die Schwerpunktf\u00e4cher Steuerung\/Navigation und Kommunikation.<\/td>\n<\/tr>\n<tr style=\"height: 48px;\">\n<td style=\"height: 48px;\">2413<\/td>\n<td style=\"height: 48px;\">Kadettenfahrt. Emin wird am Ende vom Kadett zum Ensign bef\u00f6rdert.<\/td>\n<\/tr>\n<tr style=\"height: 48px;\">\n<td style=\"height: 48px;\">2413<\/td>\n<td style=\"height: 48px;\">Versetzung auf die USS Shitennoji (Miranda Klasse) als Pilot und Navigationsoffizier.<\/td>\n<\/tr>\n<tr style=\"height: 216px;\">\n<td style=\"height: 216px;\">Herbst 2415<\/td>\n<td style=\"height: 216px;\">Die USS Shitennoji ger\u00e4t in einen klingonischen Angriff und wird schwer besch\u00e4digt. Ein Gro\u00dfteil der Crew, darunter auch die F\u00fchrungsoffiziere, kommen ums Leben. Emin erh\u00e4lt kurzfristig das Kommando \u00fcber die \u00dcberlebenden anderen 74 Crewmitglieder und bringt das Schiff in das Carraya-System, wo die Shitennoji am Ende aufgegeben wird. Die \u00dcberlebenden werden auf andere Schiffe verteilt.<br \/>\nEmin wird durch Commodore Skyla Lyma kurzfristig zum FLG der USS Odyssey ernannt.<\/td>\n<\/tr>\n<tr style=\"height: 144px;\">\n<td style=\"height: 144px;\">Dezember 2415<\/td>\n<td style=\"height: 144px;\">Emin wird von der Front zur\u00fcckbeordert, als sich die Lage rund um das Carraya-System immer weiter versch\u00e4rft. Augenscheinlich f\u00fcrchtet man diplomatische Verwicklungen, sollte er dort ums Leben kommen. Durch diese Versetzung nimmt er nicht an der Schlacht Teil, bei der die Odyssey schwer besch\u00e4digt wird.<\/td>\n<\/tr>\n<tr style=\"height: 72px;\">\n<td style=\"height: 72px;\">April 2416<\/td>\n<td style=\"height: 72px;\">Emin wird mit einem Schiff des vulkanischen Oberkommandos zur <a href=\"https:\/\/www.sf-germany.org\/einheiten\/uss-galathea\/\">USS Galathea<\/a> gebracht um dort die Flugabteilung zu verst\u00e4rken.<\/td>\n<\/tr>\n<tr>\n<td>Juli 2416<\/td>\n<td>Bef\u00f6rderung zum Lieutenant jg. durch Captain Aleksander Solowyov und Commander Ewa Zima.<\/td>\n<\/tr>\n<\/tbody>\n<\/table>\n<h2>Beschreibung<\/h2>\n<h3>Nat\u00fcrliche Gestalt<\/h3>\n<p style=\"font-weight: 400;\">Allasomorph erscheinen in ihrer nat\u00fcrlichen Gestalt als vage humanoide Gestalten aus reine Energie, die eine opalisierte Farbgebung aufweist. F\u00fcr die meisten Wesen sind Allasomorph in dieser Form nicht voneinander zu unterscheiden, allerdings weist jeder Allasomorph eine individuelle und sehr spezifische Frequenz- Konfiguration im unteren Theta-Band auf.<\/p>\n<h3>\u00c4u\u00dferes in der Sternenflotte<\/h3>\n<p style=\"font-weight: 400;\"><img loading=\"lazy\" decoding=\"async\" class=\"size-medium wp-image-6142 alignright\" src=\"https:\/\/www.sf-germany.org\/einheiten\/uss-galathea\/wp-content\/uploads\/2022\/12\/Allasomorph-230x300.jpg\" alt=\"\" width=\"230\" height=\"300\" srcset=\"https:\/\/www.sf-germany.org\/einheiten\/uss-galathea\/wp-content\/uploads\/2022\/12\/Allasomorph-230x300.jpg 230w, https:\/\/www.sf-germany.org\/einheiten\/uss-galathea\/wp-content\/uploads\/2022\/12\/Allasomorph.jpg 292w\" sizes=\"auto, (max-width: 230px) 100vw, 230px\" \/>Emin hat w\u00e4hrend seiner Zeit auf der Erde eine menschliche Gestalt angenommen, die er mittlerweile den gr\u00f6\u00dften Teil der Zeit inne hat. Diese Anpassung war f\u00fcr ihn nur nat\u00fcrlich \u2013 die \u00dcberlebensstrategie der Allasomorph besteht seit Jahrtausenden darin, sich an ihre Umgebung so gut als m\u00f6glich anzupassen. Und da die Menschen die nat\u00fcrlichen Bewohner der Erde sind, war es logisch, eine menschliche Physiologie zu w\u00e4hlen. Diese Gestalt hat er auch nach seiner Ernennung zum Ensign beibehalten, da er bemerkt hat, dass viele Mitglieder der Sternenflotte nicht unbedingt positiv auf zu viele Ver\u00e4nderungen reagieren.<\/p>\n<p style=\"font-weight: 400;\">In dieser menschlichen Gestalt ist Emin 185cm gro\u00df und 83kg schwer, mit eher schlankem, athletischen K\u00f6rperbau mit wohldefinierten Muskeln und schmalen aber nicht zu feingliedrigen H\u00e4nden. Die Haarfarbe ist dunkel-blond, die Augenfarbe braun. Er tr\u00e4gt keinen Bart. Die Haut hat eine gewisse Sonnenbr\u00e4une und so ist er auf den ersten Blick das, was viele in San Francisco als typischen &#8222;Sunnyboy&#8220; oder &#8222;Surfer&#8220; bezeichnen w\u00fcrde.<\/p>\n<p style=\"font-weight: 400;\"><img loading=\"lazy\" decoding=\"async\" class=\" wp-image-6932 alignleft\" src=\"https:\/\/www.sf-germany.org\/einheiten\/uss-galathea\/wp-content\/uploads\/2023\/04\/Emin_8-300x296.png\" alt=\"\" width=\"165\" height=\"163\" srcset=\"https:\/\/www.sf-germany.org\/einheiten\/uss-galathea\/wp-content\/uploads\/2023\/04\/Emin_8-300x296.png 300w, https:\/\/www.sf-germany.org\/einheiten\/uss-galathea\/wp-content\/uploads\/2023\/04\/Emin_8-96x96.png 96w, https:\/\/www.sf-germany.org\/einheiten\/uss-galathea\/wp-content\/uploads\/2023\/04\/Emin_8.png 499w\" sizes=\"auto, (max-width: 165px) 100vw, 165px\" \/>In seinem Bestreben, m\u00f6glichst menschlich zu erscheinen und sich nicht zu ver\u00e4ndern, ist Emin manches Mal noch zu perfekt: So haben die Haare immer die gleichen L\u00e4nge und die gleiche Frisur und er hat auch nach 4 Tagen in der Wildnis noch keine Bartstoppeln. Zudem hat er bisher noch keine Experimente mit der \u00c4nderung seiner Haarfarbe unternommen \u2013 auch wenn er mittlerweile festgestellt hat, dass manche Menschen dies tun.<\/p>\n<p>W\u00e4hrend seiner Zeit auf der USS Odyssey empfanden einige der Offiziere seine Frisur als &#8222;altmodisch&#8220; beziehungsweise &#8222;unmilit\u00e4risch&#8220; und schenkten ihm einen Besuch bei einem angesagten Hair Stylisten, der ihn modisch beraten sollte. Dies hat sein Repertoire an Frisuren erweitert &#8211; und f\u00fcr kurze Zeit trug er das Haar auch anders &#8211; jedoch hat er bald schon wieder zu seinem alten Stil zur\u00fcckgefunden.<\/p>\n<\/div>\n<div>\n<h2>Orden und Auszeichnungen<\/h2>\n<p style=\"font-weight: 400;\">Auf der USS Odyssey hat Emin folgende Auszeichnungen erworben. Er pflegt diese au\u00dferhalb von Anl\u00e4ssen, in denen dies erwartet wird, nicht zu tragen, da sie ihn hervorstechen lassen &#8211; etwas, was er instinktiv zu vermeiden versucht.<\/p>\n<h3>Spangen (F\u00fcr den Alltag)<\/h3>\n<table style=\"border-collapse: collapse; width: 100%;\">\n<tbody>\n<tr>\n<td rowspan=\"2\"><img loading=\"lazy\" decoding=\"async\" class=\"alignnone size-medium wp-image-6143\" src=\"https:\/\/www.sf-germany.org\/einheiten\/uss-galathea\/wp-content\/uploads\/2022\/12\/Klingonen-Kampagnen-Ribbon.png\" alt=\"\" width=\"110\" height=\"35\" \/><\/td>\n<td><strong>Kampf um Carraya Ribbon<\/strong><\/td>\n<\/tr>\n<tr>\n<td><em>Der Tr\u00e4ger\/in muss w\u00e4hrend der Bedrohnung des Carraya Systems auf einem der Schiffe der Lyma Flotte gedient haben.<\/em><\/td>\n<\/tr>\n<\/tbody>\n<\/table>\n<table style=\"border-collapse: collapse;\">\n<tbody>\n<tr>\n<td rowspan=\"2\"><img loading=\"lazy\" decoding=\"async\" class=\"alignnone size-medium wp-image-6145\" src=\"https:\/\/www.sf-germany.org\/einheiten\/uss-galathea\/wp-content\/uploads\/2022\/12\/Kolumbus-Medaille_Spange.png\" alt=\"\" width=\"111\" height=\"36\" \/><\/td>\n<td><strong>Kolumbus Medaille<\/strong><\/td>\n<\/tr>\n<tr>\n<td><em>Vergeben wegen besonderer Leistungen, u.a. das Herstellen eines Erstkontakts, in der Carrayakrise.<\/em><br \/>\n<em>Verliehen durch: Cdor. Skyla Lyma.<\/em><\/td>\n<\/tr>\n<\/tbody>\n<\/table>\n<h3>Orden (F\u00fcr Galauniform)<\/h3>\n<table style=\"border-collapse: collapse;\">\n<tbody>\n<tr>\n<td rowspan=\"2\"><img loading=\"lazy\" decoding=\"async\" class=\"alignnone size-medium wp-image-6144\" src=\"https:\/\/www.sf-germany.org\/einheiten\/uss-galathea\/wp-content\/uploads\/2022\/12\/Kolumbus-Medaille.png\" alt=\"\" width=\"160\" height=\"188\" \/><\/td>\n<td style=\"width: 50%; height: 24px;\"><strong>Kolumbus Medaille<\/strong><\/td>\n<\/tr>\n<tr>\n<td><em>Vergeben wegen besonderer Leistungen, u.a. das Herstellen eines Erstkontakts, in der Carrayakrise.<\/em><br \/>\n<em>Verliehen durch: Cdor. Skyla Lyma.<\/em><\/td>\n<\/tr>\n<\/tbody>\n<\/table>\n<h2>Psychologisches Profil<\/h2>\n<p style=\"font-weight: 400;\"><span style=\"font-size: 10pt;\"><em>&gt;&gt; Kadettenanw\u00e4rter Emin weist eine neugierige und trotz der bisherigen Isoliertheit seiner Spezies erstaunlich offene Pers\u00f6nlichkeit auf. Er bem\u00fcht sich, aktiv auf andere Personen unabh\u00e4ngig von Spezies, Geschlecht oder Position zuzugehen und sich zu integrieren. Er ist zudem wissbegierig und lerneifrig, stets auf der Suche nach Neuem und Unbekannten.<\/em><\/span><\/p>\n<p style=\"font-weight: 400;\"><span style=\"font-size: 10pt;\"><em>Dabei ist er auch bereit, gegen seine ersten instinktiven Impulse anzugehen. Es scheint, als w\u00e4ren Flucht- und Kampfinstinkte in seiner Spezies stark verwurzelt. Ich empfehle daher keine Ausbildung im Bereich Sicherheit, Raumkampf oder Marines, da dies in Kombination mit seinen nat\u00fcrlichen, gestaltwandlerischen F\u00e4higkeiten zu Komplikationen f\u00fchren k\u00f6nnte \u2013 diese Ausbildungszweige werden von dem Kadetten aber ohnehin nicht angestrebt.<\/em><\/span><\/p>\n<p style=\"font-weight: 400;\"><span style=\"font-size: 10pt;\"><em>Ich halte Kadettenanw\u00e4rter Emin trotz oder gerade wegen seiner f\u00fcr uns manchmal kindisch anmutenden Offenheit und Naivit\u00e4t f\u00fcr vollst\u00e4ndig geeignet, eine Ausbildung an der Sternenflotten-Akademie zu beginnen.&lt;&lt;<\/em><\/span><\/p>\n<p style=\"font-weight: 400;\">\u2014 Aus dem psychologischen Gutachten im Rahmen der Aufnahmepr\u00fcfung zur Akademie, Dr. Liane Kirby-Kawasaki, 2407<\/p>\n<p style=\"font-weight: 400;\">Emin ist von Natur aus neugierig und offen f\u00fcr Neues. Die Geschichten seiner Cousine haben in ihm eine tiefe Sehnsucht geweckt, die Wunder des Weltalls zu erkunden und Neues zu entdecken. Er geht dabei auch heute noch mit einer Offenheit und Unbedarftheit vor, die auf viele andere Spezies beinahe kindlich-naiv wirkt. In Wahrheit steckt dahinter aber das Fehlen von abgrenzenden Normen, wie sie vielen Spezies zu eigen sind, sowie die nat\u00fcrliche Anpassungsf\u00e4higkeit der Allasomorph als Teil ihrer \u00dcberlebensstrategien.<\/p>\n<p style=\"font-weight: 400;\">In Konfliktsituationen neigt Emin eher zu Fluchtverhalten. Schwierig wird es nur, wenn er in die Ecke gedr\u00e4ngt und zu einem Kampf \u2013 sei es verbal, sozial oder k\u00f6rperlich \u2013 gezwungen wird. In diesem Fall \u00fcbernehmen h\u00e4ufig noch seine Instinkte und sorgen daf\u00fcr, dass er seine gestaltwandlerischen F\u00e4higkeiten nutzt, um sich einen Vorteil zu schaffen. Emin versucht tats\u00e4chlich aktiv solche Situationen, vor Allem aber physische Konflikte \u2013 zu vermeiden, da er (nicht zu unrecht) f\u00fcrchtet, in solchen F\u00e4llen andere zu verletzen oder gar zu t\u00f6ten.<\/p>\n<p style=\"font-weight: 400;\">Gewaltanwendung hat in seinen Augen immer einen Zweck zu erf\u00fcllen und t\u00f6ten w\u00fcrde er allenfalls aus Gr\u00fcnden der Verteidigung oder der Jagd. Der Gedanke von Mord ist ihm pers\u00f6nlich fremd, auch wenn dieser in der Gesellschaft von Daled IV nat\u00fcrlich existiert &#8211; wie er schon im Falle seines Vaters erleben musste.<\/p>\n<p style=\"font-weight: 400;\"><span style=\"font-size: 10pt;\"><em>&gt;&gt; Nach den ersten drei Monaten ist ein deutlicher Fortschritt in der sozialen Integration des Kadetten Emin festzustellen. Fiel es ihm anfangs noch schwer, sozialen Abstand und Takt richtig einzusch\u00e4tzen, hat er schnell die gesellschaftlichen Konventionen und sozialen Normen auf dem Campus erlernt und sich angepasst. Er scheint dabei aus Beobachtung zu lernen und diesbez\u00fcglich ein erstaunliches Auge f\u00fcr Details und schnelle Auffassungsgabe zu besitzen [Fu\u00dfnote: Vermutlich w\u00e4re es ein interessantes soziologisches Forschungsprojekt, zu ergr\u00fcnden, ob diese F\u00e4higkeit individuell oder aber speziesbezogen besteht. Ist die schnelle kulturelle Anpassung m\u00f6glicherweise auch ein Teil der instinkthaften \u00dcberlebensstrategie der Spezies?]. Kadett Emin ist mittlerweile durchaus f\u00e4hig, auch in seinem Verhalten als Mensch durchzugehen, obgleich er seine offene Art und manchmal naiv wirkende Neugierde nicht abgelegt hat. &lt;&lt;<\/em><\/span><\/p>\n<p style=\"font-weight: 400;\">\u2014 Psychologischer Bericht, SF Akademie San Francisco, Dr. Johann Meister, 2408<\/p>\n<p style=\"font-weight: 400;\">W\u00e4hrend Emin zu Beginn seiner Zeit auf der Akademie noch ein \u201cFremdk\u00f6rper\u201d\u2122 war, dem viele Regeln und Normen der F\u00f6deration unbekannt und fremd waren \u2013 was anfangs zu einigen sozial unangenehmen Situationen f\u00fchrte \u2013 hat er sich schnell angepasst und den sozialen Umgang mit anderen erlernt. Zwar wirkt er \u2013 auch in Verbindung mit seinem menschlichen \u00c4u\u00dferen \u2013 auf viele immer noch jung und m\u00f6glicherweise unreif-naiv, geht ansonsten aber sicherlich mittlerweile auch in komplexeren sozialen Situationen (wie z.B. einem Empfang) als Mensch durch.<\/p>\n<p style=\"font-weight: 400;\">Die F\u00e4higkeit seine Spezies, Mikroexpressionen anderer wahrzunehmen und zu deuten, verleiht ihm eine gute Empathie und er ist in der Lage, den groben emotionalen Zustand vieler Humanoider anhand ihrer (unterbewussten) K\u00f6rperhaltung zu deuten. Auch ist er ganz gut darin, zu entdecken, wenn jemand l\u00fcgt \u2013 auch wenn er nat\u00fcrlich nicht erkennen kann, was genau die L\u00fcge beinhaltet und oftmals auch die falschen Schl\u00fcsse \u00fcber die Intention einer L\u00fcge zieht, beziehungsweise diese nicht zwangsl\u00e4ufig beachtet. Immerhin geh\u00f6rt Verstellung zu seiner Natur und L\u00fcgen sind daher f\u00fcr ihn nichts zwangsl\u00e4ufig ungew\u00f6hnlich oder schlecht.<\/p>\n<p style=\"font-weight: 400;\"><span style=\"font-size: 10pt;\"><em>&gt;&gt; In der heutigen psychologischen Orientierungssitzung, die derzeit w\u00f6chentlich mit Kadett Emin abgehalten werden, um ihm die Integration in die Sternenflotte zu erleichtern, offenbarte der Kadett Unsicherheit im Umgang mit emotionalen und k\u00f6rperlichen Beziehungen. Anscheinend sind ihm verschiedene P\u00e4rchen und kurzfristige sexuelle Beziehungen innerhalb des Kadettenjahrgangs aufgefallen [Fu\u00dfnote: Einige offensichtlich, andere anscheinend deutlich weniger], was zu einigen R\u00fcckfragen bez\u00fcglich Beziehungsnormen f\u00fchrte. Dabei erfuhr ich, dass Kadett Emin sich anscheinend erst w\u00e4hrend seiner ersten Kontakte mit Mitgliedern der F\u00f6deration, im Zuge der Vorbereitung auf die Aufnahmepr\u00fcfung zur Akademie, endg\u00fcltig f\u00fcr eine m\u00e4nnliche Geschlechtsidentit\u00e4t entschieden hat. Wenn man dar\u00fcber nachdenkt, scheint es auch logisch, dass eine Spezies von gestaltwandelnden Energiewesen keinen festgelegten Geschlechtsmorphismus besitzt und dieser allenfalls psychologisch entsteht. Es erscheint aber auch logisch, dass die Entwicklung einer solchen psychologischen Geschlechtszuordnung bei wiederholter Wandlung in eine physische Gestalt entsteht, da eine Fixierung auf ein Geschlecht einen Mimikri-Vorteil bietet \u2013 vulgo: Wenn man immer nur M\u00e4nner imitiert, wird man irgendwann wirklich gut darin, sich als solcher auszugeben.&lt;&lt;<\/em><\/span><\/p>\n<p style=\"font-weight: 400;\">\u2014 Psychologischer Bericht, SF Akademie San Francisco, Dr. Johann Meister, 2408<\/p>\n<p style=\"font-weight: 400;\">Beim Thema Liebe, Beziehung und Sexualit\u00e4t ist Emin noch eher unbedarft. Zwar hatte er auf der Akademie eine Zeitlang eine Freundin, jedoch wurde diese Beziehung nie k\u00f6rperlich. Emin kennt sexuelle und emotionale Anziehung, ist in dieser aber nicht auf Mitglieder bestimmter Spezies oder Geschlechter beschr\u00e4nkt. Da er sich bewusst ist, dass er soziale Normen noch nicht vollst\u00e4ndig versteht, ist er in dieser Hinsicht auch eher zur\u00fcckhaltend \u2013 wogegen seine Neugier und Offenheit, Dinge auszuprobieren stehen.<\/p>\n<p style=\"font-weight: 400;\">Es bleibt also abzuwarten, wie sich Emin in dieser Hinsicht entwickeln wird. Romanzen und Beziehungen sind nicht ausgeschlossen, Sex kennt er bisher eher nur theoretisch als Mittel zur k\u00f6rperlichen Reproduktion. Und ja, er hat bereits Pornos gesehen. Genau wie diverse Tierdokus.<\/p>\n<p style=\"font-weight: 400;\">Urspr\u00fcnglich hatte Emin auch keine Probleme mit Nacktheit. Mittlerweile hat er aber \u2013 als Teil des Mimikry \u2013 Scham entwickelt und ist, was die Verh\u00fcllung seines K\u00f6rpers angeht, wohl eher konservativ. Gleichsam w\u00e4re er neugierig und fasziniert, wenn jemand dies anders handhabt \u2013 bis zu dem Punkt, dass man seine Aufmerksamkeit als Starren auslegen k\u00f6nnte.<\/p>\n<p style=\"font-weight: 400;\"><span style=\"font-size: 10pt;\"><em>&gt;&gt; Kadett Emin hat in den vergangenen 4,5 Jahren eine deutlich sichtbare Entwicklung hin zur Integration in die Sternenflotte durchgemacht, inklusive der Adaption der gelehrten und gelebten Normen und Werte. Hier ist anzumerken, dass ein gro\u00dfer Teil des moralisch-ethischen Wertesystems erlernt wurde \u2013 dies f\u00fchrt dazu, dass Kadett Emin in der Auslegung von Normen und Direktiven manchmal noch wenig flexibel ist, zum anderen aber auch, dass derzeit noch eine Gefahr besteht, dass Kadett Emin problematische Wertvorstellungen \u00fcbernimmt, falls er sich zu lange in einer Gesellschaft aufhalten sollte, die diese als \u201crichtig\u201d oder \u201cin Ordnung\u201d ansieht. Es steht aber zu erwarten, dass sich diese Themenfelder mit weiterer Lebenserfahrung ebenfalls positiv entwickeln werden.<\/em><\/span><\/p>\n<p style=\"font-weight: 400;\"><span style=\"font-size: 10pt;\"><em>Kadett Emin hat meines Erachtens nach keine Probleme, sich in die Rangstrukturen an Bord eines Sternenflottenschiffs einzuf\u00fcgen und seinen Dienst auf einem Raumschiff der Flotte zu versehen. Seine Offenheit gegen\u00fcber Personen, Spezies, Technologien sowie allem Neuen und Unbekannten machen ihn sicherlich zu einer Bereicherung f\u00fcr jede Crew. Ich bef\u00fcrworte daher vollumf\u00e4nglich eine Bef\u00f6rderung zum Ensign und Versetzung in den regul\u00e4ren Flottendienst.&lt;&lt;<\/em><\/span><\/p>\n<p style=\"font-weight: 400;\">\u2014 Psychologischer Bericht, SF Akademie San Francisco, Dr. Johann Meister, 2413<\/p>\n<p style=\"font-weight: 400;\">Emin f\u00fcgt sich gut in die Hierarchie eines Sternenflottenschiffs ein und hat kein Problem damit, Befehlen zu folgen. Allerdings nimmt er die Direktiven und Regeln der Flotte noch sehr w\u00f6rtlich und hat manchmal Schwierigkeiten, sie flexibel auszulegen \u2013 was Vor- und Nachteil gleicherma\u00dfen sein kann.<\/p>\n<p style=\"font-weight: 400;\">Die Tatsache, dass ihm \u2013 als Gestaltwandler \u2013 viele der angeborenen ethisch-moralischen Schranken fehlen, machen ihn in gewisser Weise aber auch beeinflussbar. Er versucht, sich seiner (sozialen) Umgebung anzupassen. Sollte er in \u201cschlechte Gesellschaft\u201d geraten, k\u00f6nnte es also passieren, dass er kriminelle Verhaltensweisen annimmt, wenn er diese als sozial akzeptiert und \u201cnormal\u201d begreifen w\u00fcrde.<\/p>\n<h3>St\u00e4rken \/ Schw\u00e4chen<\/h3>\n<ul style=\"font-weight: 400;\">\n<li>Antreibende Neugier.<\/li>\n<li>Offenheit gegen\u00fcber anderen und Neuem.<\/li>\n<li>Eine gewisse Naivit\u00e4t im Umgang mit Neuem.<\/li>\n<li>Soziale Normen und Werte sind erlernt. Dies bringt einerseits eine teilweise buchstabengetreue Umsetzung dieser mit sich, andererseits bedingt dies auch eine gewisse Beeinflussbarkeit im Verhalten.<\/li>\n<li>Gut darin, den emotionalen Zustand anderer zu erfassen.<\/li>\n<li>Gut darin, durch Beobachtung zu lernen und sich anzupassen.<\/li>\n<li>Instinkte (\u201cFight or Flight\u201d) k\u00f6nnen in Extremsituationen die Oberhand gewinnen &#8211; weswegen er versucht, solche Situationen zu meiden.<\/li>\n<li>Hat gelernt, dass nicht alle Personen gut darauf reagieren, dass er ein Gestaltwandler ist. Er verbirgt dies nicht, bindet es aber auch nicht jedem auf die Nase.<\/li>\n<\/ul>\n<h3>Vorlieben \/ Abneigungen<\/h3>\n<ul style=\"font-weight: 400;\">\n<li>Emin ist ein Entdecker und Erkunder.<\/li>\n<li>Er meidet Gewalt und Situationen, die ihm keine Fluchtm\u00f6glichkeiten lassen.<\/li>\n<li>Emin wurde auf der dunklen Seite von Daled IV geboren und meidet instinktiv helles Sonnenlicht. Zwar hat sich dies auf Grund seiner Zeit auf der Erde etwas gelegt, wenn er die Wahl hat, bevorzugt er dennoch eher D\u00e4mmerlicht und Halbdunkel vor hell erleuchteten R\u00e4umen oder sonnendurchfluteten Pl\u00e4tzen.<\/li>\n<li>Emin mag keine Zitrusfr\u00fcchte.<\/li>\n<\/ul>\n<h2>F\u00e4higkeiten &amp; Spezialgebiete<\/h2>\n<h3>Vorbildung<\/h3>\n<p style=\"font-weight: 400;\">Emin hat auf seinem Heimatplaneten eine \u00fcbliche Aus- und Schulbildung genossen. Im Rahmen dieser hat er F\u00e4higkeiten erlernt, die man auf der Erde wohl in die Bereiche J\u00e4ger, Wildh\u00fcter und \u00dcberlebensspezialist fassen w\u00fcrde: Emin hat gelernt, sich in der Wildnis zu bewegen und zu navigieren, zu schleichen und zu jagen. Kenntnisse, die w\u00e4hrend seiner Ausbildungszeit nur selten n\u00fctzlich waren (auch wenn er erstaunlich gute Noten im Bereich \u00dcberlebenstraining hatte), aber m\u00f6glicherweise w\u00e4hrend einer Au\u00dfenmission n\u00fctzlich sein k\u00f6nnten.<\/p>\n<p style=\"font-weight: 400;\">Durch seine N\u00e4he zu seiner Cousine hat er zudem Grundlagen der Politik und diplomatischen Verhandlungen aufgeschnappt, diese aber nicht vertieft.<\/p>\n<h3>Studien auf der Sternenflottenakademie<\/h3>\n<p style=\"font-weight: 400;\">Emin belegte an der Sternenflotten-Akademie die Schwerpunktf\u00e4cher Steuerung \/ Navigation und Kommunikation. Daneben hat er sich verschiedene Nebenf\u00e4cher angesehen.<\/p>\n<h4>Grundausbildung<\/h4>\n<ul style=\"font-weight: 400;\">\n<li>Administration<\/li>\n<li>Waffen: Phaser<\/li>\n<li>Unbewaffneter Kampf<\/li>\n<li>Computer: Operation<\/li>\n<li>Computer: Programmierung<\/li>\n<li>Elektronik Operation: Sensoren<\/li>\n<li>Elektronik Operation: Transporter<\/li>\n<li>Erste Hilfe<\/li>\n<li>Geschichte: F\u00f6deration<\/li>\n<li>Sprachen: F\u00f6derationsstandard<\/li>\n<li>Sprachen: Vulkan<\/li>\n<li>Recht: F\u00f6deration<\/li>\n<li>Mathematik<\/li>\n<li>Physik<\/li>\n<li>Flugtraining: Shuttle<\/li>\n<li>Sternenflottenprotokolle<\/li>\n<li>Raumanz\u00fcge: Operationen<\/li>\n<li>Xenobiologie: Allgemein<\/li>\n<li>Xenologie: Allgemein<\/li>\n<li>Null-G Operationen<\/li>\n<\/ul>\n<p style=\"font-weight: 400;\">Den Lehrgang \u201cUnbewaffneter Kampf\u201d h\u00e4tte er fast nicht bestanden. Allerdings sp\u00fcrte sein Ausbilder, dass er sich zur\u00fcck hielt und hat \u2013 nach einem kl\u00e4renden Gespr\u00e4ch \u2013 eine Pr\u00fcfungswiederholung gegen holographische Gegner angesetzt, die Emin dann bestand. Ursache f\u00fcr die Pr\u00fcfungsblockade war Emins Angst, sich im Kampf zu wandeln (was w\u00e4hrend der Pr\u00fcfung auf dem Holodeck auch passierte) und seinen Ausbilder zu verletzen.<\/p>\n<p style=\"font-weight: 400;\">Gleichsam hat Emin auch im Bereich \u201cWaffen: Phaser\u201d nur die Note ausreichend erzielt &#8211; solche Arten von Waffen waren bisher einfach nicht seine.<\/p>\n<h4>Schwerpunkt I: Steuerung und Navigation<\/h4>\n<ul style=\"font-weight: 400;\">\n<li>Astronomie<\/li>\n<li>Astrogation: Warpantriebe<\/li>\n<li>Astrophysik<\/li>\n<li>Elektronik Operation: Kommunikation<\/li>\n<li>Elektronik Operation: Deflektorschilde<\/li>\n<li>Elektronik Operation: Photonentorpedos<\/li>\n<li>Elektronik Operation: Schiffsphaser<\/li>\n<li>Elektronik: Computer<\/li>\n<li>Elektronik: Deflektoren<\/li>\n<li>Zieltraining: Photonentorpedos<\/li>\n<li>Zieltraining: Schiffsphaser<\/li>\n<li>Personalf\u00fchrung<\/li>\n<li>Flugtraining: Runabout<\/li>\n<li>Flugtraining: Raumschiffe<\/li>\n<li>Strategie: Raumkampf<\/li>\n<li>Subraummechanik<\/li>\n<li>Taktik: Raumkampf<\/li>\n<\/ul>\n<h4>Schwerpunkt II: Kommunikation<\/h4>\n<ul style=\"font-weight: 400;\">\n<li>Diplomatie<\/li>\n<li>Sternenflottenprotokolle<\/li>\n<li>Elektronik Operation: Kommunikation<\/li>\n<li>Elektronik Operation: Sicherheit<\/li>\n<li>Elektronik: Kommunikation<\/li>\n<li>Elektronik: Computer<\/li>\n<li>Elektronik: Sensoren<\/li>\n<li>Allgemeiner Dienst: Wissenschaftliche Abteilung<\/li>\n<li>Sprachen: Andorianisch<\/li>\n<li>Psychologie: menschlich<\/li>\n<li>Xenobiologie: Allgemein<\/li>\n<li>Xenologie: Allgemein<\/li>\n<li>Xenologie: Menschen<\/li>\n<\/ul>\n<h4>Nebenf\u00e4cher<\/h4>\n<p style=\"font-weight: 400;\">Ganz im Sinne seiner neugierigen Natur, hat Emin im Laufe seiner Akademieausbildung verschiedene Nebenf\u00e4cher besucht, diese aber nur in seltenen F\u00e4llen (*) vertieft. Darunter:<\/p>\n<ul style=\"font-weight: 400;\">\n<li>Anthropologie<\/li>\n<li>Erste Hilfe<\/li>\n<li>Interspezies-Protokoll*<\/li>\n<li>Interstellare Geschichte<\/li>\n<li>Xenolinguistik*<\/li>\n<\/ul>\n<h3>Sprachen<\/h3>\n<p style=\"font-weight: 400;\">Emin spricht, neben seiner Muttersprache, <em>F\u00f6derationsstandard<\/em> und hat zudem im Rahmen seiner Ausbildung an der Akademie weitreichende Kenntnisse der <em>vulkanischen<\/em> und <em>andorianischen<\/em> Sprachen erworben.<\/p>\n<p style=\"font-weight: 400;\">Grundkenntnisse besitzt er zudem in folgenden Sprachen:<\/p>\n<ul>\n<li style=\"font-weight: 400;\">Tellarit<\/li>\n<li style=\"font-weight: 400;\">Betazoidisch<\/li>\n<li style=\"font-weight: 400;\">Klingonisch<\/li>\n<li style=\"font-weight: 400;\">Oronisch<\/li>\n<li style=\"font-weight: 400;\">Cardassianisch.<\/li>\n<\/ul>\n<p style=\"font-weight: 400;\">Zudem hat er sich mit Alt-Englisch, Deutsch, Franz\u00f6sisch, Italienisch und Chinesisch (jeweils als Opernsprache) besch\u00e4ftigt.<\/p>\n<h3>Besonderheiten der eigenen Spezies<\/h3>\n<table style=\"font-weight: 400;\">\n<tbody>\n<tr>\n<td>\n<p style=\"text-align: center;\"><strong>Kanon-Alarm<\/strong><\/p>\n<p>\u00dcber die Allasomorph als Spezies ist nur sehr wenig bekannt \u2013 das was wir wissen, stammt haupts\u00e4chlich aus der TNG-Folge \u201cDie Thronfolgerin\u201d (2. Staffel). Daher wurden einige L\u00fccken \u2013 gerade zur Physiologie \u2013 gef\u00fcllt, so wie sie logisch erschienen. Andere Fragen, die die Spezies betreffen, (wie zum Beispiel die Technologiestufe \u2013 rein logisch m\u00fcssen die Allasomorph zumindest f\u00e4hig sein, WARP-Antriebe zu bauen, sonst g\u00e4be es keinen Kontakt \u2013 aber wie gut die sind, bleibt offen) bleiben bewusst unbeantwortet, da sie f\u00fcr die Darstellung des Charakters nicht wichtig sind.<\/td>\n<\/tr>\n<\/tbody>\n<\/table>\n<h4>Lebenserwartung und Reifungsprozess<\/h4>\n<p style=\"font-weight: 400;\">Die genaue Lebenserwartung eines Allasomorph ist der Sternenflotte unbekannt, jedoch d\u00fcrfte sie mindestens der menschlichen Entsprechen. Analogien zu anderen Spezies legen gar eine deutlich h\u00f6here Lebenserwartung nahe, auch wenn viele Allasomorph in der Vergangenheit fr\u00fchzeitig durch Gewalteinwirkung verstarben.<\/p>\n<p style=\"font-weight: 400;\">Allasomorph reifen schneller als zum Beispiel Menschen, weswegen Emin mit 15 bereits als ausgereift und erwachsen galt.<\/p>\n<h4>Gestaltwandel<\/h4>\n<p style=\"font-weight: 400;\">Seine Spezies besitzt die F\u00e4higkeit zum physischen Gestaltwandlung durch Rekonfiguration auf atomarer Ebene. Allasomorph nehmen alle physischen Merkmale der gew\u00e4hlten Spezies an. In solchen Gestalten m\u00fcssen Allasomorph Nahrung zu sich nehmen und schlafen und sind zudem anf\u00e4llig f\u00fcr Krankheiten und Giften. Das gesamte Ausma\u00df der gestaltwandlerischen F\u00e4higkeiten der Spezies ist noch nicht erforscht, aber es gibt Hinweise darauf, dass der Satz des Massenerhalts nur bedingt auf die F\u00e4higkeiten der Allasomorph anwendbar ist, weswegen spekuliert wird, dass die Spezies irgendwie in der Lage ist, Energie aus dem Subraum zu ziehen beziehungsweise in diesen abzugeben.<\/p>\n<p style=\"font-weight: 400;\">Die F\u00e4higkeit zum Gestaltwandel ist angeboren und intuitiv, muss jedoch im Laufe des Lebens gemeistert werden, um auch komplexe Formen zu erm\u00f6glichen. Emin ist noch vergleichsweise jung und hat zwar viel Erfahrung darin, einen Menschen zu imitieren, jedoch w\u00e4hrend seiner Zeit an der Akademie kaum andere Gestalten angenommen, weswegen er in dieser Hinsicht noch als eher unerfahren gelten muss.<\/p>\n<p style=\"font-weight: 400;\">Die menschliche Gestalt kann Emin mittlerweile gut und ausdauernd halten. Aber gerade die Wandlung in deutlich gr\u00f6\u00dfere Gestalten strengt ihn noch sehr an, so dass er sich in solchen F\u00e4llen bald ausruhen m\u00fcsste.<\/p>\n<p>W\u00e4hrend der Missionen auf der USS Odyssey hat Emin mehrfach die Gestalt eines &#8222;Ionosph\u00e4ren-Adlers&#8220; angenommen, die er mittlerweile ebenfalls gut beherrscht.<\/p>\n<h4>Mimikry und Empathy<\/h4>\n<p style=\"font-weight: 400;\">Zu den \u00dcberlebensstrategien der Allasomorph geh\u00f6rt die Anpassung an fremde Gegebenheiten. Dies geschieht vor Allem k\u00f6rperlich, doch besitzen viele Mitglieder dieser Spezies \u2013 darunter auch Emin \u2013 eine sehr gute Beobachtungsgabe f\u00fcr das Verhalten anderer, was ihnen nicht nur die kulturelle Integration erleichtert, sondern auch eine gewisse Empathie mit sich bringt, die durch die Deutung von K\u00f6rperhaltung, Geruch und Mikroexpressionen entsteht. Bei Humanoiden wie Menschen bewirkt dies zudem, dass Allasomorph recht gut darin sind, zu erkennen, wenn jemand l\u00fcgt.<\/p>\n<h3>Sonstiges<\/h3>\n<ul style=\"font-weight: 400;\">\n<li>W\u00e4hrend seiner Zeit auf der Akademie war er Mitglied der\u00a0Theatergruppe, was Emin sehr genossen hat. Allerdings kam es mit dieser irgendwann zum Zerw\u00fcrfnis, als sich Emin f\u00fcr eine Rolle verwandelte und dies von manchen Kadetten \u2013 die nicht wussten, dass er kein Mensch war \u2013 nicht gut aufgenommen wurde.<\/li>\n<li>Emin verf\u00fcgt in menschlicher Form \u00fcber eine sch\u00f6ne Tenor-Stimme, die er mit\u00a0Gesangsunterricht im Stil des Operngesangs zwei Jahre lang grundlegend geschult hat. Das reicht bei Weitem nicht, um professioneller S\u00e4nger zu werden, jedoch kann man sich seinen Gesang durchaus anh\u00f6ren \u2013 wenn man Operngesang mag.<\/li>\n<\/ul>\n<h2>Hobbies<\/h2>\n<p style=\"font-weight: 400;\">Emin hat\u00a0<strong>keine festen Hobbies<\/strong>, sondern\u00a0<strong>probiert gerne neue Dinge<\/strong>\u00a0aus. Allerdings kann es sein, dass er schnell das Interesse an Dingen verliert, bei denen er glaubt, das sie nicht mehr viel Neues zu bieten haben. Das ist zum Beispiel der Grund, warum er seine Gesangsausbildung abgebrochen und kein Musikinstrument gemeistert hat.<\/p>\n<p style=\"font-weight: 400;\">Da er\u00a0<strong>B\u00fccher<\/strong>\u00a0als Wissensquelle entdeckt hat, liest er viel und gerne \u2013 nicht nur\u00a0<strong>Sachb\u00fccher<\/strong>, sondern und vor Allem auch\u00a0<strong>Romane<\/strong>\u00a0und\u00a0<strong>Reiseberichte<\/strong>.\u00a0Zudem ist er vom\u00a0<strong>Theater<\/strong>\u00a0und der\u00a0<strong>Oper<\/strong>\u00a0fasziniert und sieht viele St\u00fccke auch als Spiegel ihrer Kultur und des jeweiligen Zeitgeists.<\/p>\n<p style=\"font-weight: 400;\">Emin\u00a0<strong>verfasst<\/strong>\u00a0in regelm\u00e4\u00dfigen Abst\u00e4nden\u00a0<strong>Briefe und Reiseberichte<\/strong>, inklusive Bild- und Tonaufnahmen, die er an seine Cousine Salia schickt. Er lebt quasi ihren Traum (der auch zu seinem wurde) und ist ihr Fenster zu den Wundern des Alls.<\/p>\n<h2>Medizinisches Profil<\/h2>\n<p style=\"font-weight: 400;\"><span style=\"font-size: 10pt;\"><em>&gt;&gt; Der Kadett ist ein Allasomorph! Ein verdammtes gestaltwandelndes Energiewesen, \u00fcber dessen Spezies wir so gut wie nichts wissen! Was soll ich hier denn ihrer Meinung nach untersuchen? Das w\u00e4re nicht einmal gebildetes Raten! Also ehrlich, manchmal hat das Flottenkommando Vorstellungen&#8230; &lt;&lt;<\/em><\/span><\/p>\n<p style=\"font-weight: 400;\">\u2014 Gel\u00f6schter Eintrag von Dr. Abraham Jepediah Kurov, Sternenflotten-Akademie San Francisco, 2408<\/p>\n<p style=\"font-weight: 400;\">Da \u00fcber die Spezies der Allasomorph so gut wie keine medizinischen Daten vorliegen und sie sich zudem als gestaltwandelnde Energiewesen in ihrer Physiologie grundlegend von den meisten Spezies der F\u00f6deration unterscheiden, wird sich ein Mediziner bei gesundheitlichen Problemen stark auf Intuition und Analogieschl\u00fcsse verlassen m\u00fcssen. Immerhin sind Allasomorph durch ihre Anpassungsf\u00e4higkeit widerstandsf\u00e4hig und in der Lage mit einer Vielzahl von Umweltbedingungen und Erregern umzugehen. In physischer Gestalt sind sie allerdings, wie andere Spezies auch, anf\u00e4llig f\u00fcr Erkrankungen und Gifte. Warum sie in diesem Falle nicht einfach in die nat\u00fcrliche Form wechseln, ist unbekannt \u2013 m\u00f6glicherweise verhindern manche Krankheiten diese Form der Umwandlung.<\/p>\n<h3>Krankheiten &amp; Gesundheit<\/h3>\n<p style=\"font-weight: 400;\">W\u00e4hrend seiner Zeit auf der Sternenflottenakademie steckte er sich im ersten Semester reihenweise mit typischen Kinderkrankheiten (z.B. Masern, Windpocken, Tonsillitis) an, konnte diese jedoch \u2013 auch dank seiner Physiologie \u2013 gut ausheilen und so eine Resistenz gegen die weit verbreiteten Krankheiten des F\u00f6derationsraums entwickeln, die der eines durchschnittlichen F\u00f6derationsb\u00fcrgers entspricht.<\/p>\n<h2>Klassifzierte Sektion<\/h2>\n<p style=\"font-weight: 400;\">keine Eintr\u00e4ge<\/p>\n<h2>NRPG-Bemerkungen zum Spiel<\/h2>\n<p style=\"font-weight: 400;\">\u201cOh, ein Gestaltwandler?\u201d \u2013 Ja, der Charakter geh\u00f6rt einer gestaltwandelnden Spezies an und k\u00f6nnte als solcher viel Unfug anstellen. Allerdings soll diese F\u00e4higkeit bei Weitem nicht zum definierenden Merkmal des Charakters werden, sondern eher Beiwerk sein. Ganz so, wie Odo in der Serie DS9 nicht zum probleml\u00f6senden Kampfmonster und einsamen Wolf wurde, sondern als Leinwand f\u00fcr die Suche nach Moral, Menschlichkeit und Ethik genutzt wurde, geht es bei Emin auch und vor Allem um die Neugier auf das Unbekannte, um das Entdecken an sich und den unversperrten Blick auf Spezies, Kulturen und Normen. Im Gegensatz zu Odo oder Data sucht Emin dabei aber nicht seine Menschlichkeit oder seinen Platz in der Welt, sondern will wissen, was \u201cdahinter\u201d ist. Er ist Pionier und Erkunder, der stets das Unentdeckte sucht und diesem mit fast kindlicher Naivit\u00e4t entgegen tritt. Dabei kann er aber sehr wohl als Pr\u00fcfstein f\u00fcr Moral, Ethik und Vorurteile dienen. Was ist richtig, was ist falsch? K\u00f6nnen Regeln, Direktiven und Normen gebrochen werden oder haben sie immer und unter allen Umst\u00e4nden G\u00fcltigkeit? Das sind die Arten von Themen, die ich mit Emin gerne bespielen w\u00fcrde. Auch das Eintauchen in soziale Beziehungsgeflechte, das Spiel um Beziehungen und zwischenmenschlichen ist etwas, auf was ich mich gerne einlasse.<\/p>\n<p style=\"font-weight: 400;\">Was Emin nicht tun wird, ist st\u00e4ndig zum \u201cgro\u00dfen, b\u00f6sen Wolf\u201d zu werden, um alle Probleme mit Gewalt zu l\u00f6sen. Ebenso wenig wird er zum Spa\u00df wandeln, um andere beim Duschen zu beobachten (er wei\u00df, dass das falsch ist) oder zum Superspion werden. Nat\u00fcrlich bedeutet das nicht, dass er seine F\u00e4higkeiten nie einsetzen wird \u2013 aber bitte alles mit Augenma\u00df.<\/p>\n<p style=\"font-weight: 400;\">Und bitte bedenkt, dass auch 2416 nur wenige Mitglieder der Sternenflotte von den Allasomorph (mehr als Ger\u00fcchte) geh\u00f6rt haben. Die Fremdartigkeit der Spezies und das gemeinsame Entdecken einer kaum beschriebenen Kultur empfinde ich ebenfalls aus reizvoll.<\/p>\n<\/div>\n","protected":false},"excerpt":{"rendered":"<p>Charakter-Avatar: Cary Elwes (aus dem Film \u201cDie Braut des Prinzen\u201d, offizielles Promo-Bild-Material) Emin Status SC Spieler Effi Dienstliche Informationen Ranggrafik Rang Lt. jg Posten Stellv. FLG Stationierung USS Galathea Biographische Informationen Geburtstag 11.03.2390 Geburtsort Daled IV Familienstand ledig Eltern Vater:Loin (2397 verstorben) Mutter: Varya Geschwister \u2013 Verwandte Salia, Herrscherin von Daled IV (Cousine) Physische Beschreibung [&hellip;]<\/p>\n","protected":false},"author":5,"featured_media":1126,"parent":1195,"menu_order":60,"comment_status":"closed","ping_status":"closed","template":"","meta":{"footnotes":""},"class_list":["post-4269","page","type-page","status-publish","has-post-thumbnail","hentry"],"publishpress_future_action":{"enabled":false,"date":"2026-05-06 04:15:44","action":"change-status","newStatus":"draft","terms":[],"taxonomy":"","extraData":[]},"publishpress_future_workflow_manual_trigger":{"enabledWorkflows":[]},"_links":{"self":[{"href":"https:\/\/www.sf-germany.org\/einheiten\/uss-galathea\/wp-json\/wp\/v2\/pages\/4269","targetHints":{"allow":["GET"]}}],"collection":[{"href":"https:\/\/www.sf-germany.org\/einheiten\/uss-galathea\/wp-json\/wp\/v2\/pages"}],"about":[{"href":"https:\/\/www.sf-germany.org\/einheiten\/uss-galathea\/wp-json\/wp\/v2\/types\/page"}],"author":[{"embeddable":true,"href":"https:\/\/www.sf-germany.org\/einheiten\/uss-galathea\/wp-json\/wp\/v2\/users\/5"}],"replies":[{"embeddable":true,"href":"https:\/\/www.sf-germany.org\/einheiten\/uss-galathea\/wp-json\/wp\/v2\/comments?post=4269"}],"version-history":[{"count":25,"href":"https:\/\/www.sf-germany.org\/einheiten\/uss-galathea\/wp-json\/wp\/v2\/pages\/4269\/revisions"}],"predecessor-version":[{"id":8949,"href":"https:\/\/www.sf-germany.org\/einheiten\/uss-galathea\/wp-json\/wp\/v2\/pages\/4269\/revisions\/8949"}],"up":[{"embeddable":true,"href":"https:\/\/www.sf-germany.org\/einheiten\/uss-galathea\/wp-json\/wp\/v2\/pages\/1195"}],"wp:featuredmedia":[{"embeddable":true,"href":"https:\/\/www.sf-germany.org\/einheiten\/uss-galathea\/wp-json\/wp\/v2\/media\/1126"}],"wp:attachment":[{"href":"https:\/\/www.sf-germany.org\/einheiten\/uss-galathea\/wp-json\/wp\/v2\/media?parent=4269"}],"curies":[{"name":"wp","href":"https:\/\/api.w.org\/{rel}","templated":true}]}}